{"id":2669,"date":"2023-06-06T10:40:25","date_gmt":"2023-06-06T10:40:25","guid":{"rendered":"https:\/\/conflux.qodeinteractive.com\/?page_id=2669"},"modified":"2025-10-15T10:24:16","modified_gmt":"2025-10-15T10:24:16","slug":"news","status":"publish","type":"page","link":"https:\/\/christoph-poppen.com\/de\/news\/","title":{"rendered":"News"},"content":{"rendered":"<div data-elementor-type=\"wp-page\" data-elementor-id=\"2669\" class=\"elementor elementor-2669\">\n\t\t\t\t\t\t<section class=\"elementor-section elementor-top-section elementor-element elementor-element-ca3b02d elementor-section-full_width elementor-section-height-default elementor-section-height-default\" data-id=\"ca3b02d\" data-element_type=\"section\" data-e-type=\"section\">\n\t\t\t\t\t\t<div class=\"elementor-container elementor-column-gap-default\">\n\t\t\t\t\t<div class=\"elementor-column elementor-col-100 elementor-top-column elementor-element elementor-element-562981b\" data-id=\"562981b\" data-element_type=\"column\" data-e-type=\"column\">\n\t\t\t<div class=\"elementor-widget-wrap elementor-element-populated\">\n\t\t\t\t\t\t<div class=\"elementor-element elementor-element-4e5fefa animated-slow elementor-invisible elementor-widget elementor-widget-conflux_core_section_title\" data-id=\"4e5fefa\" data-element_type=\"widget\" data-e-type=\"widget\" data-settings=\"{&quot;_animation&quot;:&quot;fadeInUp&quot;}\" data-widget_type=\"conflux_core_section_title.default\">\n\t\t\t\t<div class=\"elementor-widget-container\">\n\t\t\t\t\t<div class=\"qodef-shortcode qodef-m  qodef-section-title qodef-alignment--center qodef-title-break--disabled qodef-title-decoration--enabled\" style=\"--qode-title-color: #454F56;--qode-title-decorated-color: #F45A4E;--qode-title-decoration-thickness: 2px;--qode-title-underline-offset: 5px\">\n\t\t<h4 class=\"qodef-m-title\">\n\t\t\t\t\t<span>News &amp; Press<\/span>\t\t\t<\/h4>\n\t<\/div>\n\t\t\t\t<\/div>\n\t\t\t\t<\/div>\n\t\t\t\t\t<\/div>\n\t\t<\/div>\n\t\t\t\t\t<\/div>\n\t\t<\/section>\n\t\t\t\t<section class=\"elementor-section elementor-top-section elementor-element elementor-element-160a2a0 elementor-section-boxed elementor-section-height-default elementor-section-height-default\" data-id=\"160a2a0\" data-element_type=\"section\" data-e-type=\"section\">\n\t\t\t\t\t\t<div class=\"elementor-container elementor-column-gap-default\">\n\t\t\t\t\t<div class=\"elementor-column elementor-col-100 elementor-top-column elementor-element elementor-element-c2fa2b0\" data-id=\"c2fa2b0\" data-element_type=\"column\" data-e-type=\"column\">\n\t\t\t<div class=\"elementor-widget-wrap elementor-element-populated\">\n\t\t\t\t\t\t<div class=\"elementor-element elementor-element-156883a elementor-widget elementor-widget-qi_addons_for_elementor_blog_list\" data-id=\"156883a\" data-element_type=\"widget\" data-e-type=\"widget\" data-widget_type=\"qi_addons_for_elementor_blog_list.default\">\n\t\t\t\t<div class=\"elementor-widget-container\">\n\t\t\t\t\t<div class=\"qodef-shortcode qodef-m qodef-addons-blog-list qodef-info-no-icons qodef-image--hover-zoom qodef-qi-grid qodef-layout--qi-masonry qodef-col-num--3 qodef-item-layout--boxed qodef-responsive--predefined\" >\n\t<div class=\"qodef-grid-inner\">\n\t\t\t<div class=\"qodef-qi-grid-masonry-sizer\"><\/div>\n<article class=\"qodef-e qodef-blog-item qodef-grid-item post-5515 post type-post status-publish format-standard has-post-thumbnail hentry category-uncategorized\">\n\t<div class=\"qodef-e-inner\">\n\t\t<div class=\"qodef-e-media-holder\">\n\t\t\t<div class=\"qodef-e-media\">\n\t\t<div class=\"qodef-e-media-image\">\n\t\t<a itemprop=\"url\" href=\"https:\/\/christoph-poppen.com\/de\/le-festival-international-de-marvao-royaume-de-la-musique-et-des-musiciens\/\">\n\t\t\t<img fetchpriority=\"high\" decoding=\"async\" width=\"1040\" height=\"680\" src=\"https:\/\/christoph-poppen.com\/wp-content\/uploads\/2025\/09\/\u00a9-FIMM-Paulo-Gouveia-Estela-Alvarez-Ruiz.webp\" class=\"attachment- size-\" alt=\"\" srcset=\"https:\/\/christoph-poppen.com\/wp-content\/uploads\/2025\/09\/\u00a9-FIMM-Paulo-Gouveia-Estela-Alvarez-Ruiz.webp 1040w, https:\/\/christoph-poppen.com\/wp-content\/uploads\/2025\/09\/\u00a9-FIMM-Paulo-Gouveia-Estela-Alvarez-Ruiz-300x196.webp 300w, https:\/\/christoph-poppen.com\/wp-content\/uploads\/2025\/09\/\u00a9-FIMM-Paulo-Gouveia-Estela-Alvarez-Ruiz-1024x670.webp 1024w, https:\/\/christoph-poppen.com\/wp-content\/uploads\/2025\/09\/\u00a9-FIMM-Paulo-Gouveia-Estela-Alvarez-Ruiz-768x502.webp 768w, https:\/\/christoph-poppen.com\/wp-content\/uploads\/2025\/09\/\u00a9-FIMM-Paulo-Gouveia-Estela-Alvarez-Ruiz-18x12.webp 18w\" sizes=\"(max-width: 1040px) 100vw, 1040px\" \/>\t\t<\/a>\n\t\t\t<\/div>\n<\/div>\n\t\t<\/div>\n\t\t<div class=\"qodef-e-content\">\n\t\t\t\t\t\t\t<div class=\"qodef-e-info qodef-info--top\">\n\t\t\t\t\t<div class=\"qodef-e-info-item qodef-e-info-category\">\n\t\t<a href=\"https:\/\/christoph-poppen.com\/de\/category\/uncategorized\/\" rel=\"category tag\">Uncategorized<\/a><\/div>\n\t\t\t\t<\/div>\n\t\t\t\t\t\t<div class=\"qodef-e-text\">\n\t\t\t\t<h5 itemprop=\"name\" class=\"qodef-e-title entry-title\">\n\t<a itemprop=\"url\" class=\"qodef-e-title-link\" href=\"https:\/\/christoph-poppen.com\/de\/le-festival-international-de-marvao-royaume-de-la-musique-et-des-musiciens\/\">\n\t\tLe Festival de Marv\u00e3o, royaume de la musique et des musiciens\t<\/a>\n<\/h5>\n\t\t\t<\/div>\n\t\t\t\t\t\t\t<div class=\"qodef-e-info qodef-info--bottom\">\n\t\t\t\t\t\t<div class=\"qodef-e-read-more\">\n\t\t<a class=\"qodef-shortcode qodef-m qodef-qi-button qodef-html--link qodef-layout--textual qodef-type--standard qodef-icon--right qodef-hover--icon-move-horizontal-short qodef-text-underline qodef-underline--left\" href=\"https:\/\/christoph-poppen.com\/de\/le-festival-international-de-marvao-royaume-de-la-musique-et-des-musiciens\/\" target=\"_self\">\t<span class=\"qodef-m-text\">Read more<\/span>\t<\/a>\t<\/div>\n\t\t\t\t<\/div>\n\t\t\t\t\t<\/div>\n\t<\/div>\n<\/article>\n<article class=\"qodef-e qodef-blog-item qodef-grid-item post-5437 post type-post status-publish format-standard has-post-thumbnail hentry category-press\">\n\t<div class=\"qodef-e-inner\">\n\t\t<div class=\"qodef-e-media-holder\">\n\t\t\t<div class=\"qodef-e-media\">\n\t\t<div class=\"qodef-e-media-image\">\n\t\t<a itemprop=\"url\" href=\"https:\/\/christoph-poppen.com\/de\/four-days-in-marvao-silence-music-and-infinite-tenderness\/\">\n\t\t\t<img decoding=\"async\" width=\"800\" height=\"534\" src=\"https:\/\/christoph-poppen.com\/wp-content\/uploads\/2025\/09\/1-\u00a9-FIMM-e-Paulo-Gouveia-com-Estela-Alvarez-Ruiz.jpg\" class=\"attachment- size-\" alt=\"\" srcset=\"https:\/\/christoph-poppen.com\/wp-content\/uploads\/2025\/09\/1-\u00a9-FIMM-e-Paulo-Gouveia-com-Estela-Alvarez-Ruiz.jpg 800w, https:\/\/christoph-poppen.com\/wp-content\/uploads\/2025\/09\/1-\u00a9-FIMM-e-Paulo-Gouveia-com-Estela-Alvarez-Ruiz-300x200.jpg 300w, https:\/\/christoph-poppen.com\/wp-content\/uploads\/2025\/09\/1-\u00a9-FIMM-e-Paulo-Gouveia-com-Estela-Alvarez-Ruiz-768x513.jpg 768w, https:\/\/christoph-poppen.com\/wp-content\/uploads\/2025\/09\/1-\u00a9-FIMM-e-Paulo-Gouveia-com-Estela-Alvarez-Ruiz-18x12.jpg 18w\" sizes=\"(max-width: 800px) 100vw, 800px\" \/>\t\t<\/a>\n\t\t\t<\/div>\n<\/div>\n\t\t<\/div>\n\t\t<div class=\"qodef-e-content\">\n\t\t\t\t\t\t\t<div class=\"qodef-e-info qodef-info--top\">\n\t\t\t\t\t<div class=\"qodef-e-info-item qodef-e-info-category\">\n\t\t<a href=\"https:\/\/christoph-poppen.com\/de\/category\/press\/\" rel=\"category tag\">Press<\/a><\/div>\n\t\t\t\t<\/div>\n\t\t\t\t\t\t<div class=\"qodef-e-text\">\n\t\t\t\t<h5 itemprop=\"name\" class=\"qodef-e-title entry-title\">\n\t<a itemprop=\"url\" class=\"qodef-e-title-link\" href=\"https:\/\/christoph-poppen.com\/de\/four-days-in-marvao-silence-music-and-infinite-tenderness\/\">\n\t\tFour Days in Marv\u00e3o &#8211; Silence, Music, and Infinite Tenderness\t<\/a>\n<\/h5>\n\t\t\t<\/div>\n\t\t\t\t\t\t\t<div class=\"qodef-e-info qodef-info--bottom\">\n\t\t\t\t\t\t<div class=\"qodef-e-read-more\">\n\t\t<a class=\"qodef-shortcode qodef-m qodef-qi-button qodef-html--link qodef-layout--textual qodef-type--standard qodef-icon--right qodef-hover--icon-move-horizontal-short qodef-text-underline qodef-underline--left\" href=\"https:\/\/christoph-poppen.com\/de\/four-days-in-marvao-silence-music-and-infinite-tenderness\/\" target=\"_self\">\t<span class=\"qodef-m-text\">Read more<\/span>\t<\/a>\t<\/div>\n\t\t\t\t<\/div>\n\t\t\t\t\t<\/div>\n\t<\/div>\n<\/article>\n<article class=\"qodef-e qodef-blog-item qodef-grid-item post-5450 post type-post status-publish format-standard has-post-thumbnail hentry category-press\">\n\t<div class=\"qodef-e-inner\">\n\t\t<div class=\"qodef-e-media-holder\">\n\t\t\t<div class=\"qodef-e-media\">\n\t\t<div class=\"qodef-e-media-image\">\n\t\t<a itemprop=\"url\" href=\"https:\/\/christoph-poppen.com\/de\/incanti-musicali\/\">\n\t\t\t<img decoding=\"async\" width=\"800\" height=\"534\" src=\"https:\/\/christoph-poppen.com\/wp-content\/uploads\/2025\/09\/12-\u00a9-FIMM-e-Paulo-Gouveia-com-Estela-Alvarez-Ruiz.jpg\" class=\"attachment- size-\" alt=\"\" srcset=\"https:\/\/christoph-poppen.com\/wp-content\/uploads\/2025\/09\/12-\u00a9-FIMM-e-Paulo-Gouveia-com-Estela-Alvarez-Ruiz.jpg 800w, https:\/\/christoph-poppen.com\/wp-content\/uploads\/2025\/09\/12-\u00a9-FIMM-e-Paulo-Gouveia-com-Estela-Alvarez-Ruiz-300x200.jpg 300w, https:\/\/christoph-poppen.com\/wp-content\/uploads\/2025\/09\/12-\u00a9-FIMM-e-Paulo-Gouveia-com-Estela-Alvarez-Ruiz-768x513.jpg 768w, https:\/\/christoph-poppen.com\/wp-content\/uploads\/2025\/09\/12-\u00a9-FIMM-e-Paulo-Gouveia-com-Estela-Alvarez-Ruiz-18x12.jpg 18w\" sizes=\"(max-width: 800px) 100vw, 800px\" \/>\t\t<\/a>\n\t\t\t<\/div>\n<\/div>\n\t\t<\/div>\n\t\t<div class=\"qodef-e-content\">\n\t\t\t\t\t\t\t<div class=\"qodef-e-info qodef-info--top\">\n\t\t\t\t\t<div class=\"qodef-e-info-item qodef-e-info-category\">\n\t\t<a href=\"https:\/\/christoph-poppen.com\/de\/category\/press\/\" rel=\"category tag\">Press<\/a><\/div>\n\t\t\t\t<\/div>\n\t\t\t\t\t\t<div class=\"qodef-e-text\">\n\t\t\t\t<h5 itemprop=\"name\" class=\"qodef-e-title entry-title\">\n\t<a itemprop=\"url\" class=\"qodef-e-title-link\" href=\"https:\/\/christoph-poppen.com\/de\/incanti-musicali\/\">\n\t\tIncanti Musicali\t<\/a>\n<\/h5>\n\t\t\t<\/div>\n\t\t\t\t\t\t\t<div class=\"qodef-e-info qodef-info--bottom\">\n\t\t\t\t\t\t<div class=\"qodef-e-read-more\">\n\t\t<a class=\"qodef-shortcode qodef-m qodef-qi-button qodef-html--link qodef-layout--textual qodef-type--standard qodef-icon--right qodef-hover--icon-move-horizontal-short qodef-text-underline qodef-underline--left\" href=\"https:\/\/christoph-poppen.com\/de\/incanti-musicali\/\" target=\"_self\">\t<span class=\"qodef-m-text\">Read more<\/span>\t<\/a>\t<\/div>\n\t\t\t\t<\/div>\n\t\t\t\t\t<\/div>\n\t<\/div>\n<\/article>\n<article class=\"qodef-e qodef-blog-item qodef-grid-item post-5421 post type-post status-publish format-standard has-post-thumbnail hentry category-concert\">\n\t<div class=\"qodef-e-inner\">\n\t\t<div class=\"qodef-e-media-holder\">\n\t\t\t<div class=\"qodef-e-media\">\n\t\t<div class=\"qodef-e-media-image\">\n\t\t<a itemprop=\"url\" href=\"https:\/\/christoph-poppen.com\/de\/kolner-kammerorchester-saison-2025-26\/\">\n\t\t\t<img loading=\"lazy\" decoding=\"async\" width=\"2485\" height=\"1654\" src=\"https:\/\/christoph-poppen.com\/wp-content\/uploads\/2025\/09\/chrispo_konzert22_1607.jpg\" class=\"attachment- size-\" alt=\"\" srcset=\"https:\/\/christoph-poppen.com\/wp-content\/uploads\/2025\/09\/chrispo_konzert22_1607.jpg 2485w, https:\/\/christoph-poppen.com\/wp-content\/uploads\/2025\/09\/chrispo_konzert22_1607-300x200.jpg 300w, https:\/\/christoph-poppen.com\/wp-content\/uploads\/2025\/09\/chrispo_konzert22_1607-1024x682.jpg 1024w, https:\/\/christoph-poppen.com\/wp-content\/uploads\/2025\/09\/chrispo_konzert22_1607-768x511.jpg 768w, https:\/\/christoph-poppen.com\/wp-content\/uploads\/2025\/09\/chrispo_konzert22_1607-1536x1022.jpg 1536w, https:\/\/christoph-poppen.com\/wp-content\/uploads\/2025\/09\/chrispo_konzert22_1607-2048x1363.jpg 2048w, https:\/\/christoph-poppen.com\/wp-content\/uploads\/2025\/09\/chrispo_konzert22_1607-18x12.jpg 18w\" sizes=\"(max-width: 2485px) 100vw, 2485px\" \/>\t\t<\/a>\n\t\t\t<\/div>\n<\/div>\n\t\t<\/div>\n\t\t<div class=\"qodef-e-content\">\n\t\t\t\t\t\t\t<div class=\"qodef-e-info qodef-info--top\">\n\t\t\t\t\t<div class=\"qodef-e-info-item qodef-e-info-category\">\n\t\t<a href=\"https:\/\/christoph-poppen.com\/de\/category\/concert\/\" rel=\"category tag\">Concert<\/a><\/div>\n\t\t\t\t<\/div>\n\t\t\t\t\t\t<div class=\"qodef-e-text\">\n\t\t\t\t<h5 itemprop=\"name\" class=\"qodef-e-title entry-title\">\n\t<a itemprop=\"url\" class=\"qodef-e-title-link\" href=\"https:\/\/christoph-poppen.com\/de\/kolner-kammerorchester-saison-2025-26\/\">\n\t\tK\u00f6lner Kammerorchester Saison 2025\/26\t<\/a>\n<\/h5>\n\t\t\t<\/div>\n\t\t\t\t\t\t\t<div class=\"qodef-e-info qodef-info--bottom\">\n\t\t\t\t\t\t<div class=\"qodef-e-read-more\">\n\t\t<a class=\"qodef-shortcode qodef-m qodef-qi-button qodef-html--link qodef-layout--textual qodef-type--standard qodef-icon--right qodef-hover--icon-move-horizontal-short qodef-text-underline qodef-underline--left\" href=\"https:\/\/christoph-poppen.com\/de\/kolner-kammerorchester-saison-2025-26\/\" target=\"_self\">\t<span class=\"qodef-m-text\">Read more<\/span>\t<\/a>\t<\/div>\n\t\t\t\t<\/div>\n\t\t\t\t\t<\/div>\n\t<\/div>\n<\/article>\n<article class=\"qodef-e qodef-blog-item qodef-grid-item post-5399 post type-post status-publish format-standard has-post-thumbnail hentry category-press\">\n\t<div class=\"qodef-e-inner\">\n\t\t<div class=\"qodef-e-media-holder\">\n\t\t\t<div class=\"qodef-e-media\">\n\t\t<div class=\"qodef-e-media-image\">\n\t\t<a itemprop=\"url\" href=\"https:\/\/christoph-poppen.com\/de\/festival-marvao-recension\/\">\n\t\t\t<img loading=\"lazy\" decoding=\"async\" width=\"800\" height=\"534\" src=\"https:\/\/christoph-poppen.com\/wp-content\/uploads\/2025\/09\/3-\u00a9-FIMM-e-Paulo-Gouveia-com-Estela-Alvarez-Ruiz.jpg\" class=\"attachment- size-\" alt=\"\" srcset=\"https:\/\/christoph-poppen.com\/wp-content\/uploads\/2025\/09\/3-\u00a9-FIMM-e-Paulo-Gouveia-com-Estela-Alvarez-Ruiz.jpg 800w, https:\/\/christoph-poppen.com\/wp-content\/uploads\/2025\/09\/3-\u00a9-FIMM-e-Paulo-Gouveia-com-Estela-Alvarez-Ruiz-300x200.jpg 300w, https:\/\/christoph-poppen.com\/wp-content\/uploads\/2025\/09\/3-\u00a9-FIMM-e-Paulo-Gouveia-com-Estela-Alvarez-Ruiz-768x513.jpg 768w, https:\/\/christoph-poppen.com\/wp-content\/uploads\/2025\/09\/3-\u00a9-FIMM-e-Paulo-Gouveia-com-Estela-Alvarez-Ruiz-18x12.jpg 18w\" sizes=\"(max-width: 800px) 100vw, 800px\" \/>\t\t<\/a>\n\t\t\t<\/div>\n<\/div>\n\t\t<\/div>\n\t\t<div class=\"qodef-e-content\">\n\t\t\t\t\t\t\t<div class=\"qodef-e-info qodef-info--top\">\n\t\t\t\t\t<div class=\"qodef-e-info-item qodef-e-info-category\">\n\t\t<a href=\"https:\/\/christoph-poppen.com\/de\/category\/press\/\" rel=\"category tag\">Press<\/a><\/div>\n\t\t\t\t<\/div>\n\t\t\t\t\t\t<div class=\"qodef-e-text\">\n\t\t\t\t<h5 itemprop=\"name\" class=\"qodef-e-title entry-title\">\n\t<a itemprop=\"url\" class=\"qodef-e-title-link\" href=\"https:\/\/christoph-poppen.com\/de\/festival-marvao-recension\/\">\n\t\tFestival Marv\u00e3o &#8211; a Recension\t<\/a>\n<\/h5>\n\t\t\t<\/div>\n\t\t\t\t\t\t\t<div class=\"qodef-e-info qodef-info--bottom\">\n\t\t\t\t\t\t<div class=\"qodef-e-read-more\">\n\t\t<a class=\"qodef-shortcode qodef-m qodef-qi-button qodef-html--link qodef-layout--textual qodef-type--standard qodef-icon--right qodef-hover--icon-move-horizontal-short qodef-text-underline qodef-underline--left\" href=\"https:\/\/christoph-poppen.com\/de\/festival-marvao-recension\/\" target=\"_self\">\t<span class=\"qodef-m-text\">Read more<\/span>\t<\/a>\t<\/div>\n\t\t\t\t<\/div>\n\t\t\t\t\t<\/div>\n\t<\/div>\n<\/article>\n<article class=\"qodef-e qodef-blog-item qodef-grid-item post-189 post type-post status-publish format-audio has-post-thumbnail hentry category-news tag-hong-kong-sinfonietta post_format-post-format-audio\">\n\t<div class=\"qodef-e-inner\">\n\t\t<div class=\"qodef-e-media-holder\">\n\t\t\t<div class=\"qodef-e-media\">\n\t\t<div class=\"qodef-e-media-image\">\n\t\t<a itemprop=\"url\" href=\"https:\/\/christoph-poppen.com\/de\/hong-kong-sinfonietta-2025-2026-season-living-music-music-living\/\">\n\t\t\t<img loading=\"lazy\" decoding=\"async\" width=\"884\" height=\"696\" src=\"https:\/\/christoph-poppen.com\/wp-content\/uploads\/2025\/08\/HKS-season.png\" class=\"attachment- size-\" alt=\"\" srcset=\"https:\/\/christoph-poppen.com\/wp-content\/uploads\/2025\/08\/HKS-season.png 884w, https:\/\/christoph-poppen.com\/wp-content\/uploads\/2025\/08\/HKS-season-300x236.png 300w, https:\/\/christoph-poppen.com\/wp-content\/uploads\/2025\/08\/HKS-season-768x605.png 768w, https:\/\/christoph-poppen.com\/wp-content\/uploads\/2025\/08\/HKS-season-15x12.png 15w\" sizes=\"(max-width: 884px) 100vw, 884px\" \/>\t\t<\/a>\n\t\t\t<\/div>\n<\/div>\n\t\t<\/div>\n\t\t<div class=\"qodef-e-content\">\n\t\t\t\t\t\t\t<div class=\"qodef-e-info qodef-info--top\">\n\t\t\t\t\t<div class=\"qodef-e-info-item qodef-e-info-category\">\n\t\t<a href=\"https:\/\/christoph-poppen.com\/de\/category\/news\/\" rel=\"category tag\">News<\/a><\/div>\n\t\t\t\t<\/div>\n\t\t\t\t\t\t<div class=\"qodef-e-text\">\n\t\t\t\t<h5 itemprop=\"name\" class=\"qodef-e-title entry-title\">\n\t<a itemprop=\"url\" class=\"qodef-e-title-link\" href=\"https:\/\/christoph-poppen.com\/de\/hong-kong-sinfonietta-2025-2026-season-living-music-music-living\/\">\n\t\tHong Kong Sinfonietta 2025\/2026 season \u201cLiving Music, Music Living\t<\/a>\n<\/h5>\n\t\t\t<\/div>\n\t\t\t\t\t\t\t<div class=\"qodef-e-info qodef-info--bottom\">\n\t\t\t\t\t\t<div class=\"qodef-e-read-more\">\n\t\t<a class=\"qodef-shortcode qodef-m qodef-qi-button qodef-html--link qodef-layout--textual qodef-type--standard qodef-icon--right qodef-hover--icon-move-horizontal-short qodef-text-underline qodef-underline--left\" href=\"https:\/\/christoph-poppen.com\/de\/hong-kong-sinfonietta-2025-2026-season-living-music-music-living\/\" target=\"_self\">\t<span class=\"qodef-m-text\">Read more<\/span>\t<\/a>\t<\/div>\n\t\t\t\t<\/div>\n\t\t\t\t\t<\/div>\n\t<\/div>\n<\/article>\n\t<\/div>\n\t<\/div>\n\t\t\t\t<\/div>\n\t\t\t\t<\/div>\n\t\t\t\t\t<\/div>\n\t\t<\/div>\n\t\t\t\t\t<\/div>\n\t\t<\/section>\n\t\t\t\t<section class=\"elementor-section elementor-top-section elementor-element elementor-element-17a5359 elementor-section-full_width elementor-section-stretched elementor-section-height-default elementor-section-height-default\" data-id=\"17a5359\" data-element_type=\"section\" data-e-type=\"section\" data-settings=\"{&quot;stretch_section&quot;:&quot;section-stretched&quot;,&quot;background_background&quot;:&quot;classic&quot;}\">\n\t\t\t\t\t\t<div class=\"elementor-container elementor-column-gap-default\">\n\t\t\t\t\t<div class=\"elementor-column elementor-col-100 elementor-top-column elementor-element elementor-element-2bfabcb\" data-id=\"2bfabcb\" data-element_type=\"column\" data-e-type=\"column\">\n\t\t\t<div class=\"elementor-widget-wrap elementor-element-populated\">\n\t\t\t\t\t\t<div class=\"elementor-element elementor-element-77373e9 elementor-widget elementor-widget-text-editor\" data-id=\"77373e9\" data-element_type=\"widget\" data-e-type=\"widget\" data-widget_type=\"text-editor.default\">\n\t\t\t\t\t\t\t\t\t<p>CHRISTOPH POPPEN<\/p><p>\u00a0<\/p>\t\t\t\t\t\t\t\t<\/div>\n\t\t\t\t<div class=\"elementor-element elementor-element-a5cb0ff elementor-widget elementor-widget-text-editor\" data-id=\"a5cb0ff\" data-element_type=\"widget\" data-e-type=\"widget\" data-widget_type=\"text-editor.default\">\n\t\t\t\t\t\t\t\t\t<p>CONDUCTOR<\/p>\t\t\t\t\t\t\t\t<\/div>\n\t\t\t\t\t<\/div>\n\t\t<\/div>\n\t\t\t\t\t<\/div>\n\t\t<\/section>\n\t\t\t\t<section class=\"elementor-section elementor-top-section elementor-element elementor-element-44c0157 elementor-section-full_width elementor-section-stretched elementor-section-height-default elementor-section-height-default\" data-id=\"44c0157\" data-element_type=\"section\" data-e-type=\"section\" data-settings=\"{&quot;stretch_section&quot;:&quot;section-stretched&quot;,&quot;background_background&quot;:&quot;classic&quot;}\">\n\t\t\t\t\t\t<div class=\"elementor-container elementor-column-gap-default\">\n\t\t\t\t\t<div class=\"elementor-column elementor-col-33 elementor-top-column elementor-element elementor-element-0929222\" data-id=\"0929222\" data-element_type=\"column\" data-e-type=\"column\">\n\t\t\t<div class=\"elementor-widget-wrap elementor-element-populated\">\n\t\t\t\t\t\t<div class=\"elementor-element elementor-element-f255837 elementor-widget elementor-widget-text-editor\" data-id=\"f255837\" data-element_type=\"widget\" data-e-type=\"widget\" data-widget_type=\"text-editor.default\">\n\t\t\t\t\t\t\t\t\t<p class=\"p1\"><span style=\"color: #ffffff;\">Follow<\/span><\/p>\t\t\t\t\t\t\t\t<\/div>\n\t\t\t\t<div class=\"elementor-element elementor-element-1b174dc elementor-widget elementor-widget-text-editor\" data-id=\"1b174dc\" data-element_type=\"widget\" data-e-type=\"widget\" data-widget_type=\"text-editor.default\">\n\t\t\t\t\t\t\t\t\t<p class=\"p1\"><span style=\"color: #ffffff;\"><a style=\"color: #ffffff;\" href=\"https:\/\/www.facebook.com\/people\/Christoph-Poppen\/pfbid0a56u2jEoHtB1E6AFQgLt8s1ziXgTDFXmDHKtmYwhQ6JAjftfEMpFx3H9jwTkyaNTl\/\" target=\"_blank\" rel=\"noopener\">Facebook<\/a>\u00a0 \u00a0 <a style=\"color: #ffffff;\" href=\"https:\/\/open.spotify.com\/artist\/30l3fKhNLE1lQcn1FkrUOG\" target=\"_blank\" rel=\"noopener\">Spotify\u00a0 \u00a0 <\/a><\/span><span style=\"color: #ffffff;\"><a style=\"color: #ffffff;\" href=\"https:\/\/www.instagram.com\/christophpoppen\/\" target=\"_blank\" rel=\"noopener\">Instagram<\/a><\/span><\/p>\t\t\t\t\t\t\t\t<\/div>\n\t\t\t\t\t<\/div>\n\t\t<\/div>\n\t\t\t\t<div class=\"elementor-column elementor-col-33 elementor-top-column elementor-element elementor-element-db18966\" data-id=\"db18966\" data-element_type=\"column\" data-e-type=\"column\">\n\t\t\t<div class=\"elementor-widget-wrap elementor-element-populated\">\n\t\t\t\t\t\t<div class=\"elementor-element elementor-element-7103f16 elementor-widget elementor-widget-text-editor\" data-id=\"7103f16\" data-element_type=\"widget\" data-e-type=\"widget\" data-widget_type=\"text-editor.default\">\n\t\t\t\t\t\t\t\t\t<p class=\"p1\"><span style=\"color: #ffffff;\">General management<\/span><\/p><p class=\"p1\"><span style=\"color: #ffffff;\">HARRISONPARROT MUNICH<\/span><\/p><p class=\"p1\"><span style=\"color: #ffffff;\"><a style=\"color: #ffffff;\" href=\"mailto:info@harrisonparrott.de\" target=\"_blank\" rel=\"noreferrer noopener\"> +49 (0)89 6797 140<\/a><a style=\"color: #ffffff;\" href=\"mailto:info@harrisonparrott.de\" target=\"_blank\" rel=\"noreferrer noopener\"> 48 <\/a><a style=\"color: #ffffff;\" href=\"mailto:info@harrisonparrott.de\" target=\"_blank\" rel=\"noreferrer noopener\">|<\/a><a style=\"color: #ffffff;\" href=\"mailto:info@harrisonparrott.de\" target=\"_blank\" rel=\"noreferrer noopener\"> info@harrisonparrott.de<\/a><\/span><\/p>\t\t\t\t\t\t\t\t<\/div>\n\t\t\t\t\t<\/div>\n\t\t<\/div>\n\t\t\t\t<div class=\"elementor-column elementor-col-33 elementor-top-column elementor-element elementor-element-1cd62f6\" data-id=\"1cd62f6\" data-element_type=\"column\" data-e-type=\"column\">\n\t\t\t<div class=\"elementor-widget-wrap elementor-element-populated\">\n\t\t\t\t\t\t<div class=\"elementor-element elementor-element-6480c21 elementor-widget elementor-widget-text-editor\" data-id=\"6480c21\" data-element_type=\"widget\" data-e-type=\"widget\" data-widget_type=\"text-editor.default\">\n\t\t\t\t\t\t\t\t\t<p class=\"p1\"><span style=\"color: #ffffff;\"><a style=\"color: #ffffff;\" href=\"https:\/\/christoph-poppen.com\/de\/privacy\/\">Privacy\u00a0<\/a> \u00a0 <a style=\"color: #ffffff;\" href=\"https:\/\/christoph-poppen.com\/de\/imprint\/\">Imprint<\/a><\/span><\/p>\t\t\t\t\t\t\t\t<\/div>\n\t\t\t\t<div class=\"elementor-element elementor-element-95dc2dd elementor-widget elementor-widget-text-editor\" data-id=\"95dc2dd\" data-element_type=\"widget\" data-e-type=\"widget\" data-widget_type=\"text-editor.default\">\n\t\t\t\t\t\t\t\t\t<p class=\"p1\">\u00a9 2025\u00a0 All rights reserved<\/p>\t\t\t\t\t\t\t\t<\/div>\n\t\t\t\t\t<\/div>\n\t\t<\/div>\n\t\t\t\t\t<\/div>\n\t\t<\/section>\n\t\t\t\t<\/div>","protected":false},"excerpt":{"rendered":"<p>News &amp; Press Uncategorized Le Festival de Marv\u00e3o, royaume de la musique et des musiciens Read more Press Four Days in Marv\u00e3o &#8211; Silence, Music, and Infinite Tenderness Read more Press Incanti Musicali Read more Concert K\u00f6lner Kammerorchester Saison 2025\/26 Read more Press Festival Marv\u00e3o &#8211; a Recension Read more News Hong Kong Sinfonietta 2025\/2026 [&hellip;]<\/p>\n","protected":false},"author":1,"featured_media":0,"parent":0,"menu_order":0,"comment_status":"closed","ping_status":"closed","template":"page-full-width.php","meta":{"footnotes":""},"class_list":["post-2669","page","type-page","status-publish","hentry"],"_links":{"self":[{"href":"https:\/\/christoph-poppen.com\/de\/wp-json\/wp\/v2\/pages\/2669","targetHints":{"allow":["GET"]}}],"collection":[{"href":"https:\/\/christoph-poppen.com\/de\/wp-json\/wp\/v2\/pages"}],"about":[{"href":"https:\/\/christoph-poppen.com\/de\/wp-json\/wp\/v2\/types\/page"}],"author":[{"embeddable":true,"href":"https:\/\/christoph-poppen.com\/de\/wp-json\/wp\/v2\/users\/1"}],"replies":[{"embeddable":true,"href":"https:\/\/christoph-poppen.com\/de\/wp-json\/wp\/v2\/comments?post=2669"}],"version-history":[{"count":62,"href":"https:\/\/christoph-poppen.com\/de\/wp-json\/wp\/v2\/pages\/2669\/revisions"}],"predecessor-version":[{"id":6363,"href":"https:\/\/christoph-poppen.com\/de\/wp-json\/wp\/v2\/pages\/2669\/revisions\/6363"}],"wp:attachment":[{"href":"https:\/\/christoph-poppen.com\/de\/wp-json\/wp\/v2\/media?parent=2669"}],"curies":[{"name":"wp","href":"https:\/\/api.w.org\/{rel}","templated":true}]}}